{"id":35227,"date":"2024-04-02T18:36:04","date_gmt":"2024-04-02T18:36:04","guid":{"rendered":"https:\/\/www.lehner-wool.com\/?page_id=35227"},"modified":"2024-11-26T23:56:00","modified_gmt":"2024-11-26T21:56:00","slug":"historie-meilensteine","status":"publish","type":"page","link":"https:\/\/www.lehner-wool.com\/de\/about\/historie-meilensteine\/","title":{"rendered":"Historie &#038; Meilensteine"},"content":{"rendered":"\t\t<div data-elementor-type=\"wp-page\" data-elementor-id=\"35227\" class=\"elementor elementor-35227\" data-elementor-post-type=\"page\">\n\t\t\t\t<div class=\"elementor-element elementor-element-6dc1205 thegem-e-con-layout-elementor e-flex e-con-boxed e-con e-parent\" data-id=\"6dc1205\" data-element_type=\"container\" data-e-type=\"container\" data-settings=\"{&quot;thegem_container_layout&quot;:&quot;elementor&quot;}\">\r\n\t\t\t\t\t<div class=\"e-con-inner\">\r\n\t\t\t\t<div class=\"elementor-element elementor-element-0fd408e flex-horizontal-align-default flex-horizontal-align-tablet-default flex-horizontal-align-mobile-default flex-vertical-align-default flex-vertical-align-tablet-default flex-vertical-align-mobile-default elementor-widget elementor-widget-thegem-template-post-breadcrumbs\" data-id=\"0fd408e\" data-element_type=\"widget\" data-e-type=\"widget\" data-widget_type=\"thegem-template-post-breadcrumbs.default\">\n\t\t\t\t<div class=\"elementor-widget-container\">\n\t\t\t\t\t<div class=\"thegem-te-post-breadcrumbs\"> <div class=\"post-breadcrumbs\"><ul><li><a href=\"https:\/\/www.lehner-wool.com\/de\/\">Home<\/a><\/li><\/ul><!-- .breadcrumbs --><\/div> <\/div>\t\t\t\t<\/div>\n\t\t\t\t<\/div>\n\t\t\t\t\t<\/div>\n\t\t\t\t<\/div>\n\t\t<div class=\"elementor-element elementor-element-680e0c0d thegem-e-con-layout-elementor e-flex e-con-boxed e-con e-parent\" data-id=\"680e0c0d\" data-element_type=\"container\" data-e-type=\"container\" data-settings=\"{&quot;thegem_container_layout&quot;:&quot;elementor&quot;}\">\r\n\t\t\t\t\t<div class=\"e-con-inner\">\r\n\t\t<div class=\"elementor-element elementor-element-19bad4af thegem-e-con-layout-elementor e-flex e-con-boxed e-con e-child\" data-id=\"19bad4af\" data-element_type=\"container\" data-e-type=\"container\" data-settings=\"{&quot;thegem_container_layout&quot;:&quot;elementor&quot;}\">\r\n\t\t\t\t\t<div class=\"e-con-inner\">\r\n\t\t\t\t<div class=\"elementor-element elementor-element-55069289 elementor-hidden-mobile flex-horizontal-align-default flex-horizontal-align-tablet-default flex-horizontal-align-mobile-default flex-vertical-align-default flex-vertical-align-tablet-default flex-vertical-align-mobile-default elementor-widget elementor-widget-thegem-styledimage\" data-id=\"55069289\" data-element_type=\"widget\" data-e-type=\"widget\" data-settings=\"{&quot;image&quot;:{&quot;url&quot;:&quot;https:\\\/\\\/www.lehner-wool.com\\\/wp-content\\\/uploads\\\/2024\\\/04\\\/historie-LW-1180x510-1.jpg&quot;,&quot;id&quot;:35250,&quot;size&quot;:&quot;&quot;,&quot;alt&quot;:&quot;Kurt Lehner mit Webst\\u00fchlen&quot;,&quot;source&quot;:&quot;library&quot;},&quot;image_position_mobile&quot;:&quot;left&quot;,&quot;thegem_elementor_preset&quot;:&quot;default&quot;,&quot;image_position&quot;:&quot;left&quot;}\" data-widget_type=\"thegem-styledimage.default\">\n\t\t\t\t<div class=\"elementor-widget-container\">\n\t\t\t\t\t\n<div class=\"styled-image-wrapper\">\n\t\t\t<div class=\"gem-image gem-wrapbox gem-wrapbox-default gem-wrapbox-position-left lazy-loading \">\n\t\t\t<div class=\"gem-wrapbox-inner  lazy-loading-item\"  data-ll-effect=\"move-up\">\n\t\t\t\t\t\t\t\t\t<img class=\"gem-wrapbox-element img-responsive \"\n\t\t\t\t\t\t src=\"https:\/\/www.lehner-wool.com\/wp-content\/uploads\/2024\/04\/historie-LW-1180x510-1.jpg\"\n\t\t\t\t\t\t alt=\"Kurt Lehner mit Webst\u00fchlen\">\n\t\t\t\t\t\t\t\t<\/div>\n\t\t<\/div>\n\t\t<\/div>\n\n\n\t\n\t\t\t\t\t\t<\/div>\n\t\t\t\t<\/div>\n\t\t\t\t<div class=\"elementor-element elementor-element-5df9e02 elementor-hidden-desktop elementor-hidden-tablet flex-horizontal-align-default flex-horizontal-align-tablet-default flex-horizontal-align-mobile-default flex-vertical-align-default flex-vertical-align-tablet-default flex-vertical-align-mobile-default elementor-widget elementor-widget-thegem-styledimage\" data-id=\"5df9e02\" data-element_type=\"widget\" data-e-type=\"widget\" data-settings=\"{&quot;image&quot;:{&quot;url&quot;:&quot;https:\\\/\\\/www.lehner-wool.com\\\/wp-content\\\/uploads\\\/2024\\\/04\\\/historie-h-mobile-LW-400x400-1.jpg&quot;,&quot;id&quot;:36810,&quot;size&quot;:&quot;&quot;,&quot;alt&quot;:&quot;Kurt Lehner mit Webst\\u00fchlen&quot;,&quot;source&quot;:&quot;library&quot;},&quot;thegem_elementor_preset&quot;:&quot;default&quot;,&quot;image_position&quot;:&quot;left&quot;}\" data-widget_type=\"thegem-styledimage.default\">\n\t\t\t\t<div class=\"elementor-widget-container\">\n\t\t\t\t\t\n<div class=\"styled-image-wrapper\">\n\t\t\t<div class=\"gem-image gem-wrapbox gem-wrapbox-default gem-wrapbox-position-left lazy-loading \">\n\t\t\t<div class=\"gem-wrapbox-inner  lazy-loading-item\"  data-ll-effect=\"move-up\">\n\t\t\t\t\t\t\t\t\t<img class=\"gem-wrapbox-element img-responsive \"\n\t\t\t\t\t\t src=\"https:\/\/www.lehner-wool.com\/wp-content\/uploads\/2024\/04\/historie-h-mobile-LW-400x400-1.jpg\"\n\t\t\t\t\t\t alt=\"Kurt Lehner mit Webst\u00fchlen\">\n\t\t\t\t\t\t\t\t<\/div>\n\t\t<\/div>\n\t\t<\/div>\n\n\n\t\n\t\t\t\t\t\t<\/div>\n\t\t\t\t<\/div>\n\t\t\t\t\t<\/div>\n\t\t\t\t<\/div>\n\t\t<div class=\"elementor-element elementor-element-225103e0 thegem-e-con-layout-elementor e-flex e-con-boxed e-con e-child\" data-id=\"225103e0\" data-element_type=\"container\" data-e-type=\"container\" data-settings=\"{&quot;background_background&quot;:&quot;classic&quot;,&quot;thegem_container_layout&quot;:&quot;elementor&quot;}\">\r\n\t\t\t\t\t<div class=\"e-con-inner\">\r\n\t\t<div class=\"elementor-element elementor-element-3ff552c2 thegem-e-con-layout-elementor e-flex e-con-boxed e-con e-child\" data-id=\"3ff552c2\" data-element_type=\"container\" data-e-type=\"container\" data-settings=\"{&quot;background_background&quot;:&quot;classic&quot;,&quot;thegem_container_layout&quot;:&quot;elementor&quot;}\">\r\n\t\t\t\t\t<div class=\"e-con-inner\">\r\n\t\t\t\t<div class=\"elementor-element elementor-element-3b6189fa flex-horizontal-align-default flex-horizontal-align-tablet-default flex-horizontal-align-mobile-default flex-vertical-align-default flex-vertical-align-tablet-default flex-vertical-align-mobile-default elementor-widget elementor-widget-heading\" data-id=\"3b6189fa\" data-element_type=\"widget\" data-e-type=\"widget\" data-widget_type=\"heading.default\">\n\t\t\t\t<div class=\"elementor-widget-container\">\n\t\t\t\t\t<h5 class=\"elementor-heading-title elementor-size-default\">Back in Time: Meilensteine der letzten 50 Jahre<\/h5>\t\t\t\t<\/div>\n\t\t\t\t<\/div>\n\t\t\t\t<div class=\"elementor-element elementor-element-6a93cf41 flex-horizontal-align-default flex-horizontal-align-tablet-default flex-horizontal-align-mobile-default flex-vertical-align-default flex-vertical-align-tablet-default flex-vertical-align-mobile-default elementor-widget elementor-widget-heading\" data-id=\"6a93cf41\" data-element_type=\"widget\" data-e-type=\"widget\" data-widget_type=\"heading.default\">\n\t\t\t\t<div class=\"elementor-widget-container\">\n\t\t\t\t\t<h1 class=\"elementor-heading-title elementor-size-default\">Historie &amp; Meilensteine<\/h1>\t\t\t\t<\/div>\n\t\t\t\t<\/div>\n\t\t\t\t<div class=\"elementor-element elementor-element-2049305f flex-horizontal-align-default flex-horizontal-align-tablet-default flex-horizontal-align-mobile-default flex-vertical-align-default flex-vertical-align-tablet-default flex-vertical-align-mobile-default elementor-widget elementor-widget-text-editor\" data-id=\"2049305f\" data-element_type=\"widget\" data-e-type=\"widget\" data-widget_type=\"text-editor.default\">\n\t\t\t\t<div class=\"elementor-widget-container\">\n\t\t\t\t\t\t\t\t\t\t\t\t<div class=\"elementor-text-editor elementor-clearfix\">\r\n\t\t\t\t\t\t<p>Willkommen bei der Geschichte von Lehner Wool. Seit unserer Gr\u00fcndung 1969 haben wir uns von einer kleinen Teppichweberei zu einem Innovationsf\u00fchrer im Bereich nachhaltiger Schafwollprodukte entwickelt. Entdecke unsere wichtigsten Meilensteine, von revolution\u00e4ren Wollschutzverfahren bis hin zu wegweisenden Verpackungsl\u00f6sungen.<\/p>\t\t\t\t\t\t\t<\/div>\r\n\t\t\t\t\t\t\t\t\t\t<\/div>\n\t\t\t\t<\/div>\n\t\t\t\t\t<\/div>\n\t\t\t\t<\/div>\n\t\t\t\t\t<\/div>\n\t\t\t\t<\/div>\n\t\t\t\t\t<\/div>\n\t\t\t\t<\/div>\n\t\t<div class=\"elementor-element elementor-element-5994ced thegem-e-con-layout-elementor e-flex e-con-boxed e-con e-parent\" data-id=\"5994ced\" data-element_type=\"container\" data-e-type=\"container\" data-settings=\"{&quot;thegem_container_layout&quot;:&quot;elementor&quot;}\">\r\n\t\t\t\t\t<div class=\"e-con-inner\">\r\n\t\t\t\t<div class=\"elementor-element elementor-element-6882e13 uael-timeline-arrow-top uael-timeline--center uael-timeline-responsive-tablet flex-horizontal-align-default flex-horizontal-align-tablet-default flex-horizontal-align-mobile-default flex-vertical-align-default flex-vertical-align-tablet-default flex-vertical-align-mobile-default elementor-widget elementor-widget-uael-timeline\" data-id=\"6882e13\" data-element_type=\"widget\" data-e-type=\"widget\" data-widget_type=\"uael-timeline.default\">\n\t\t\t\t<div class=\"elementor-widget-container\">\n\t\t\t\t\t<div class=\"uael-timeline-wrapper uael-timeline-node\">\n\t\n\t<div class=\"uael-timeline-main\">\n\t\t<div class=\"uael-days\">\n\t\t\t\t\t\t\t\t\t\t\t\t<div class=\"elementor-repeater-item-64b5edd uael-timeline-field animate-border out-view\">\n\t\t\t\t\t\t<div class=\"uael-timeline-widget uael-timeline-right\">\n\t\t\t\t\t\t\t<div class=\"uael-timeline-marker\">\n\t\t\t\t\t\t\t\t<span class=\"timeline-icon-new out-view-timeline-icon\">\n\t\t\t\t\t\t\t\t\t<svg aria-hidden=\"true\" class=\"e-font-icon-svg e-fas-calendar\" viewBox=\"0 0 448 512\" xmlns=\"http:\/\/www.w3.org\/2000\/svg\"><path d=\"M12 192h424c6.6 0 12 5.4 12 12v260c0 26.5-21.5 48-48 48H48c-26.5 0-48-21.5-48-48V204c0-6.6 5.4-12 12-12zm436-44v-36c0-26.5-21.5-48-48-48h-48V12c0-6.6-5.4-12-12-12h-40c-6.6 0-12 5.4-12 12v52H160V12c0-6.6-5.4-12-12-12h-40c-6.6 0-12 5.4-12 12v52H48C21.5 64 0 85.5 0 112v36c0 6.6 5.4 12 12 12h424c6.6 0 12-5.4 12-12z\"><\/path><\/svg>\t\t\t\t\t\t\t\t<\/span>\n\t\t\t\t\t\t\t<\/div>\n\n\t\t\t\t\t\t\t<div class=\"uael-day-new uael-day-right\">\n\t\t\t\t\t\t\t\t<div class=\"uael-events-new\">\n\t\t\t\t\t\t\t\t\t\t\t\t\t\t\t\t\t\t<div class=\"uael-events-inner-new\">\n\t\t\t\t\t\t\t\t\t\t\t\t\t\t\t\t\t\t\t\t<div class=\"uael-content\">\n\t\t\t\t\t\t\t\t\t\t\t\t\t\t\t\t\t\t\t\t\t\t\t\t\t\t\t\t\t\t\t\t\t<div class=\"uael-timeline-heading-text\">\n\t\t\t\t\t\t\t\t\t\t\t\t<h3 class=\"uael-timeline-heading\">2020<\/h3>\n\t\t\t\t\t\t\t\t\t\t\t<\/div>\n\t\t\t\t\t\t\t\t\t\t\t\t\t\t\t\t\t\t\t\t\t\t\t\t\t\t\t\t\t\t\t\t\t\t\t\t\t\t\t\t\t\t\t\t\t\t\t\t\t\t\t\t\t\t\t\t<div class=\"uael-timeline-desc-content\"> <h5>Recycelbares (Food)packaging<\/h5><p><img class=\"alignnone size-medium wp-image-38521\" src=\"https:\/\/www.lehner-wool.com\/wp-content\/uploads\/2024\/05\/LW-11-lebensmittelverpackung-300x199.jpg\" alt=\"Nachhaltige Isolierverpackung\" width=\"300\" height=\"199\" srcset=\"https:\/\/www.lehner-wool.com\/wp-content\/uploads\/2024\/05\/LW-11-lebensmittelverpackung-300x199.jpg 300w, https:\/\/www.lehner-wool.com\/wp-content\/uploads\/2024\/05\/LW-11-lebensmittelverpackung-18x12.jpg 18w, https:\/\/www.lehner-wool.com\/wp-content\/uploads\/2024\/05\/LW-11-lebensmittelverpackung.jpg 400w\" sizes=\"(max-width: 300px) 100vw, 300px\" \/><\/p><p>Zur Reduktion von Plastik im Lebensmittel-Versandhandel, entwickeln wir mit einem Online Versender von regionalen Lebensmitteln eine Verpackung zur K\u00fchlung der Lebensmittel auf dem Transportweg, die zu 100 % recyclebar ist.<\/p><\/div>\n\t\t\t\t\t\t\t\t\t\t\t\t\t\t\t\t\t\t\t\t\t\t\t\t\t\t\t\t\t\t\t\t<\/div>\n\t\t\t\t\t\t\t\t\t\t\t\t\t\t\t\t\t\t\t\t\t\t\t<div class=\"uael-timeline-arrow\"><\/div>\n\t\t\t\t\t\t\t\t\t\t\t\t\t\t\t\t\t\t\t\t<\/div>\n\t\t\t\t\t\t\t\t\t\t\t\t\t\t\t\t\t<\/div>\n\t\t\t\t\t\t\t<\/div>\n\t\t\t\t\t\t\t\t\t\t\t\t\t\t\t<div class=\"uael-timeline-date-new\">\n\t\t\t\t\t\t\t\t\t<div class=\"uael-date-new\"><div class=\"inner-date-new\"><div ><\/div><\/div>\n\t\t\t\t\t\t\t\t\t<\/div>\n\t\t\t\t\t\t\t\t<\/div>\n\t\t\t\t\t\t\t\t\t\t\t\t\t<\/div>\n\t\t\t\t\t<\/div>\n\t\t\t\t\t\t\t\t\t\t\t\t\t\t\t\t\t<div class=\"elementor-repeater-item-a3c9775 uael-timeline-field animate-border out-view\">\n\t\t\t\t\t\t<div class=\"uael-timeline-widget uael-timeline-left\">\n\t\t\t\t\t\t\t<div class=\"uael-timeline-marker\">\n\t\t\t\t\t\t\t\t<span class=\"timeline-icon-new out-view-timeline-icon\">\n\t\t\t\t\t\t\t\t\t<svg aria-hidden=\"true\" class=\"e-font-icon-svg e-fas-calendar\" viewBox=\"0 0 448 512\" xmlns=\"http:\/\/www.w3.org\/2000\/svg\"><path d=\"M12 192h424c6.6 0 12 5.4 12 12v260c0 26.5-21.5 48-48 48H48c-26.5 0-48-21.5-48-48V204c0-6.6 5.4-12 12-12zm436-44v-36c0-26.5-21.5-48-48-48h-48V12c0-6.6-5.4-12-12-12h-40c-6.6 0-12 5.4-12 12v52H160V12c0-6.6-5.4-12-12-12h-40c-6.6 0-12 5.4-12 12v52H48C21.5 64 0 85.5 0 112v36c0 6.6 5.4 12 12 12h424c6.6 0 12-5.4 12-12z\"><\/path><\/svg>\t\t\t\t\t\t\t\t<\/span>\n\t\t\t\t\t\t\t<\/div>\n\n\t\t\t\t\t\t\t<div class=\"uael-day-new uael-day-left\">\n\t\t\t\t\t\t\t\t<div class=\"uael-events-new\">\n\t\t\t\t\t\t\t\t\t\t\t\t\t\t\t\t\t\t<div class=\"uael-events-inner-new\">\n\t\t\t\t\t\t\t\t\t\t\t\t\t\t\t\t\t\t\t\t<div class=\"uael-content\">\n\t\t\t\t\t\t\t\t\t\t\t\t\t\t\t\t\t\t\t\t\t\t\t\t\t\t\t\t\t\t\t\t\t<div class=\"uael-timeline-heading-text\">\n\t\t\t\t\t\t\t\t\t\t\t\t<h3 class=\"uael-timeline-heading\">2019<\/h3>\n\t\t\t\t\t\t\t\t\t\t\t<\/div>\n\t\t\t\t\t\t\t\t\t\t\t\t\t\t\t\t\t\t\t\t\t\t\t\t\t\t\t\t\t\t\t\t\t\t\t\t\t\t\t\t\t\t\t\t\t\t\t\t\t\t\t\t\t\t\t\t<div class=\"uael-timeline-desc-content\"> <h5>Rebranding: Lehner \u2665 100 % Wool<\/h5><p><img class=\"alignnone size-medium wp-image-38520\" src=\"https:\/\/www.lehner-wool.com\/wp-content\/uploads\/2024\/05\/LW-10-lehner-brands-300x199.png\" alt=\"Lehner Wool Markenwelt\" width=\"300\" height=\"199\" srcset=\"https:\/\/www.lehner-wool.com\/wp-content\/uploads\/2024\/05\/LW-10-lehner-brands-300x199.png 300w, https:\/\/www.lehner-wool.com\/wp-content\/uploads\/2024\/05\/LW-10-lehner-brands-18x12.png 18w, https:\/\/www.lehner-wool.com\/wp-content\/uploads\/2024\/05\/LW-10-lehner-brands.png 400w\" sizes=\"(max-width: 300px) 100vw, 300px\" \/><\/p><p>Zu unserem 50-j\u00e4hrigen Jubil\u00e4um, \u00fcberdenken wir unsere Markenwelt und legen den Fokus mit der Dachmarke &#8220;Lehner loves 100 % wool&#8221; auf unsere Kompetenz und Liebe zur Schafwolle. Au\u00dferdem wachsen wir weiter: Neue Halle, neue Verpackung, neue Anlieferung, neue B\u00fcros.<\/p><\/div>\n\t\t\t\t\t\t\t\t\t\t\t\t\t\t\t\t\t\t\t\t\t\t\t\t\t\t\t\t\t\t\t\t<\/div>\n\t\t\t\t\t\t\t\t\t\t\t\t\t\t\t\t\t\t\t\t\t\t\t<div class=\"uael-timeline-arrow\"><\/div>\n\t\t\t\t\t\t\t\t\t\t\t\t\t\t\t\t\t\t\t\t<\/div>\n\t\t\t\t\t\t\t\t\t\t\t\t\t\t\t\t\t<\/div>\n\t\t\t\t\t\t\t<\/div>\n\t\t\t\t\t\t\t\t\t\t\t\t\t\t\t<div class=\"uael-timeline-date-new\">\n\t\t\t\t\t\t\t\t\t<div class=\"uael-date-new\"><div class=\"inner-date-new\"><div ><\/div><\/div>\n\t\t\t\t\t\t\t\t\t<\/div>\n\t\t\t\t\t\t\t\t<\/div>\n\t\t\t\t\t\t\t\t\t\t\t\t\t<\/div>\n\t\t\t\t\t<\/div>\n\t\t\t\t\t\t\t\t\t\t\t\t\t\t\t\t\t<div class=\"elementor-repeater-item-4044208 uael-timeline-field animate-border out-view\">\n\t\t\t\t\t\t<div class=\"uael-timeline-widget uael-timeline-right\">\n\t\t\t\t\t\t\t<div class=\"uael-timeline-marker\">\n\t\t\t\t\t\t\t\t<span class=\"timeline-icon-new out-view-timeline-icon\">\n\t\t\t\t\t\t\t\t\t<svg aria-hidden=\"true\" class=\"e-font-icon-svg e-fas-calendar\" viewBox=\"0 0 448 512\" xmlns=\"http:\/\/www.w3.org\/2000\/svg\"><path d=\"M12 192h424c6.6 0 12 5.4 12 12v260c0 26.5-21.5 48-48 48H48c-26.5 0-48-21.5-48-48V204c0-6.6 5.4-12 12-12zm436-44v-36c0-26.5-21.5-48-48-48h-48V12c0-6.6-5.4-12-12-12h-40c-6.6 0-12 5.4-12 12v52H160V12c0-6.6-5.4-12-12-12h-40c-6.6 0-12 5.4-12 12v52H48C21.5 64 0 85.5 0 112v36c0 6.6 5.4 12 12 12h424c6.6 0 12-5.4 12-12z\"><\/path><\/svg>\t\t\t\t\t\t\t\t<\/span>\n\t\t\t\t\t\t\t<\/div>\n\n\t\t\t\t\t\t\t<div class=\"uael-day-new uael-day-right\">\n\t\t\t\t\t\t\t\t<div class=\"uael-events-new\">\n\t\t\t\t\t\t\t\t\t\t\t\t\t\t\t\t\t\t<div class=\"uael-events-inner-new\">\n\t\t\t\t\t\t\t\t\t\t\t\t\t\t\t\t\t\t\t\t<div class=\"uael-content\">\n\t\t\t\t\t\t\t\t\t\t\t\t\t\t\t\t\t\t\t\t\t\t\t\t\t\t\t\t\t\t\t\t\t<div class=\"uael-timeline-heading-text\">\n\t\t\t\t\t\t\t\t\t\t\t\t<h3 class=\"uael-timeline-heading\">2016<\/h3>\n\t\t\t\t\t\t\t\t\t\t\t<\/div>\n\t\t\t\t\t\t\t\t\t\t\t\t\t\t\t\t\t\t\t\t\t\t\t\t\t\t\t\t\t\t\t\t\t\t\t\t\t\t\t\t\t\t\t\t\t\t\t\t\t\t\t\t\t\t\t\t<div class=\"uael-timeline-desc-content\"> <h5>Revolution im Wollschutz: <br \/>Das Ionic Protect\u00ae Verfahren<\/h5><p><img class=\"alignnone size-medium wp-image-38567\" src=\"https:\/\/www.lehner-wool.com\/wp-content\/uploads\/2024\/05\/LW-09-wollschutz-ionic-protect-300x199.png\" alt=\"Wollschutzverfahren Ionic Protect\" width=\"300\" height=\"199\" srcset=\"https:\/\/www.lehner-wool.com\/wp-content\/uploads\/2024\/05\/LW-09-wollschutz-ionic-protect-300x199.png 300w, https:\/\/www.lehner-wool.com\/wp-content\/uploads\/2024\/05\/LW-09-wollschutz-ionic-protect-18x12.png 18w, https:\/\/www.lehner-wool.com\/wp-content\/uploads\/2024\/05\/LW-09-wollschutz-ionic-protect.png 400w\" sizes=\"(max-width: 300px) 100vw, 300px\" \/><\/p><p>Im Rahmen der Mitarbeit an verschiedensten Forschungsprojekten entwickelt Ing. Alexander Lehner die M\u00f6glichkeit einer effektiven Plasma-Behandlung als Langzeit-Insektenschutz f\u00fcr Schafwolle: Nachhaltig und v\u00f6llig biozidfrei. Das Ionic Protect\u00ae Verfahren ist gepr\u00fcft, langzeit-getestet und zertifiziert und ist eine weltweit einzigartige L\u00f6sung.<\/p><\/div>\n\t\t\t\t\t\t\t\t\t\t\t\t\t\t\t\t\t\t\t\t\t\t\t\t\t\t\t\t\t\t\t\t<\/div>\n\t\t\t\t\t\t\t\t\t\t\t\t\t\t\t\t\t\t\t\t\t\t\t<div class=\"uael-timeline-arrow\"><\/div>\n\t\t\t\t\t\t\t\t\t\t\t\t\t\t\t\t\t\t\t\t<\/div>\n\t\t\t\t\t\t\t\t\t\t\t\t\t\t\t\t\t<\/div>\n\t\t\t\t\t\t\t<\/div>\n\t\t\t\t\t\t\t\t\t\t\t\t\t\t\t<div class=\"uael-timeline-date-new\">\n\t\t\t\t\t\t\t\t\t<div class=\"uael-date-new\"><div class=\"inner-date-new\"><div ><\/div><\/div>\n\t\t\t\t\t\t\t\t\t<\/div>\n\t\t\t\t\t\t\t\t<\/div>\n\t\t\t\t\t\t\t\t\t\t\t\t\t<\/div>\n\t\t\t\t\t<\/div>\n\t\t\t\t\t\t\t\t\t\t\t\t\t\t\t\t\t<div class=\"elementor-repeater-item-4d0b43e uael-timeline-field animate-border out-view\">\n\t\t\t\t\t\t<div class=\"uael-timeline-widget uael-timeline-left\">\n\t\t\t\t\t\t\t<div class=\"uael-timeline-marker\">\n\t\t\t\t\t\t\t\t<span class=\"timeline-icon-new out-view-timeline-icon\">\n\t\t\t\t\t\t\t\t\t<svg aria-hidden=\"true\" class=\"e-font-icon-svg e-fas-calendar\" viewBox=\"0 0 448 512\" xmlns=\"http:\/\/www.w3.org\/2000\/svg\"><path d=\"M12 192h424c6.6 0 12 5.4 12 12v260c0 26.5-21.5 48-48 48H48c-26.5 0-48-21.5-48-48V204c0-6.6 5.4-12 12-12zm436-44v-36c0-26.5-21.5-48-48-48h-48V12c0-6.6-5.4-12-12-12h-40c-6.6 0-12 5.4-12 12v52H160V12c0-6.6-5.4-12-12-12h-40c-6.6 0-12 5.4-12 12v52H48C21.5 64 0 85.5 0 112v36c0 6.6 5.4 12 12 12h424c6.6 0 12-5.4 12-12z\"><\/path><\/svg>\t\t\t\t\t\t\t\t<\/span>\n\t\t\t\t\t\t\t<\/div>\n\n\t\t\t\t\t\t\t<div class=\"uael-day-new uael-day-left\">\n\t\t\t\t\t\t\t\t<div class=\"uael-events-new\">\n\t\t\t\t\t\t\t\t\t\t\t\t\t\t\t\t\t\t<div class=\"uael-events-inner-new\">\n\t\t\t\t\t\t\t\t\t\t\t\t\t\t\t\t\t\t\t\t<div class=\"uael-content\">\n\t\t\t\t\t\t\t\t\t\t\t\t\t\t\t\t\t\t\t\t\t\t\t\t\t\t\t\t\t\t\t\t\t<div class=\"uael-timeline-heading-text\">\n\t\t\t\t\t\t\t\t\t\t\t\t<h3 class=\"uael-timeline-heading\">2014<\/h3>\n\t\t\t\t\t\t\t\t\t\t\t<\/div>\n\t\t\t\t\t\t\t\t\t\t\t\t\t\t\t\t\t\t\t\t\t\t\t\t\t\t\t\t\t\t\t\t\t\t\t\t\t\t\t\t\t\t\t\t\t\t\t\t\t\t\t\t\t\t\t\t<div class=\"uael-timeline-desc-content\"> <h5>Unser Wollzentrum feiert Er\u00f6ffnung<\/h5><p><img class=\"alignnone size-medium wp-image-38519\" src=\"https:\/\/www.lehner-wool.com\/wp-content\/uploads\/2024\/05\/LW-08-wollzentrum-waizenkirchen-300x199.jpg\" alt=\"Wollzentrum Waizenkirchen\" width=\"300\" height=\"199\" srcset=\"https:\/\/www.lehner-wool.com\/wp-content\/uploads\/2024\/05\/LW-08-wollzentrum-waizenkirchen-300x199.jpg 300w, https:\/\/www.lehner-wool.com\/wp-content\/uploads\/2024\/05\/LW-08-wollzentrum-waizenkirchen-18x12.jpg 18w, https:\/\/www.lehner-wool.com\/wp-content\/uploads\/2024\/05\/LW-08-wollzentrum-waizenkirchen.jpg 400w\" sizes=\"(max-width: 300px) 100vw, 300px\" \/><\/p><p>Nach jahrelanger Baut\u00e4tigkeit er\u00f6ffnet unser Kompetenzzentrum f\u00fcr Wolle seine Pforten. In unseren Schau-, sowie Schulungsr\u00e4umen veranstalten wir seitdem Kurse, Weiterbildungen, Seminare, Kongresse und geben einen Einblick in unser Woll-Knowhow.<\/p><\/div>\n\t\t\t\t\t\t\t\t\t\t\t\t\t\t\t\t\t\t\t\t\t\t\t\t\t\t\t\t\t\t\t\t<\/div>\n\t\t\t\t\t\t\t\t\t\t\t\t\t\t\t\t\t\t\t\t\t\t\t<div class=\"uael-timeline-arrow\"><\/div>\n\t\t\t\t\t\t\t\t\t\t\t\t\t\t\t\t\t\t\t\t<\/div>\n\t\t\t\t\t\t\t\t\t\t\t\t\t\t\t\t\t<\/div>\n\t\t\t\t\t\t\t<\/div>\n\t\t\t\t\t\t\t\t\t\t\t\t\t\t\t<div class=\"uael-timeline-date-new\">\n\t\t\t\t\t\t\t\t\t<div class=\"uael-date-new\"><div class=\"inner-date-new\"><div ><\/div><\/div>\n\t\t\t\t\t\t\t\t\t<\/div>\n\t\t\t\t\t\t\t\t<\/div>\n\t\t\t\t\t\t\t\t\t\t\t\t\t<\/div>\n\t\t\t\t\t<\/div>\n\t\t\t\t\t\t\t\t\t\t\t\t\t\t\t\t\t<div class=\"elementor-repeater-item-7d4e4ce uael-timeline-field animate-border out-view\">\n\t\t\t\t\t\t<div class=\"uael-timeline-widget uael-timeline-right\">\n\t\t\t\t\t\t\t<div class=\"uael-timeline-marker\">\n\t\t\t\t\t\t\t\t<span class=\"timeline-icon-new out-view-timeline-icon\">\n\t\t\t\t\t\t\t\t\t<svg aria-hidden=\"true\" class=\"e-font-icon-svg e-fas-calendar\" viewBox=\"0 0 448 512\" xmlns=\"http:\/\/www.w3.org\/2000\/svg\"><path d=\"M12 192h424c6.6 0 12 5.4 12 12v260c0 26.5-21.5 48-48 48H48c-26.5 0-48-21.5-48-48V204c0-6.6 5.4-12 12-12zm436-44v-36c0-26.5-21.5-48-48-48h-48V12c0-6.6-5.4-12-12-12h-40c-6.6 0-12 5.4-12 12v52H160V12c0-6.6-5.4-12-12-12h-40c-6.6 0-12 5.4-12 12v52H48C21.5 64 0 85.5 0 112v36c0 6.6 5.4 12 12 12h424c6.6 0 12-5.4 12-12z\"><\/path><\/svg>\t\t\t\t\t\t\t\t<\/span>\n\t\t\t\t\t\t\t<\/div>\n\n\t\t\t\t\t\t\t<div class=\"uael-day-new uael-day-right\">\n\t\t\t\t\t\t\t\t<div class=\"uael-events-new\">\n\t\t\t\t\t\t\t\t\t\t\t\t\t\t\t\t\t\t<div class=\"uael-events-inner-new\">\n\t\t\t\t\t\t\t\t\t\t\t\t\t\t\t\t\t\t\t\t<div class=\"uael-content\">\n\t\t\t\t\t\t\t\t\t\t\t\t\t\t\t\t\t\t\t\t\t\t\t\t\t\t\t\t\t\t\t\t\t<div class=\"uael-timeline-heading-text\">\n\t\t\t\t\t\t\t\t\t\t\t\t<h3 class=\"uael-timeline-heading\">2013<\/h3>\n\t\t\t\t\t\t\t\t\t\t\t<\/div>\n\t\t\t\t\t\t\t\t\t\t\t\t\t\t\t\t\t\t\t\t\t\t\t\t\t\t\t\t\t\t\t\t\t\t\t\t\t\t\t\t\t\t\t\t\t\t\t\t\t\t\t\t\t\t\t\t<div class=\"uael-timeline-desc-content\"> <h5>Weltrekordversuch<\/h5><p><img class=\"alignnone size-medium wp-image-38529\" src=\"https:\/\/www.lehner-wool.com\/wp-content\/uploads\/2024\/05\/LW-07-weltrekord-teppich-300x199.jpg\" alt=\"\u00dcberdimensionaler Teppich\" width=\"300\" height=\"199\" srcset=\"https:\/\/www.lehner-wool.com\/wp-content\/uploads\/2024\/05\/LW-07-weltrekord-teppich-300x199.jpg 300w, https:\/\/www.lehner-wool.com\/wp-content\/uploads\/2024\/05\/LW-07-weltrekord-teppich-18x12.jpg 18w, https:\/\/www.lehner-wool.com\/wp-content\/uploads\/2024\/05\/LW-07-weltrekord-teppich.jpg 400w\" sizes=\"(max-width: 300px) 100vw, 300px\" \/><\/p><p>Alexander Lehner und \u00fcber 40 Helfer verarbeiteten 350 Kilo Schafwolle zu einem 170m\u00b2 gro\u00dfen Wollteppich an der Gemeindefassade. Obwohl kein Weltrekord erreicht wurde, bleibt der beeindruckende Einsatz in Erinnerung. Ein bemerkenswerter Gemeinschaftserfolg im Rahmen des Wollkunstfestivals in Waizenkirchen.<\/p><\/div>\n\t\t\t\t\t\t\t\t\t\t\t\t\t\t\t\t\t\t\t\t\t\t\t\t\t\t\t\t\t\t\t\t<\/div>\n\t\t\t\t\t\t\t\t\t\t\t\t\t\t\t\t\t\t\t\t\t\t\t<div class=\"uael-timeline-arrow\"><\/div>\n\t\t\t\t\t\t\t\t\t\t\t\t\t\t\t\t\t\t\t\t<\/div>\n\t\t\t\t\t\t\t\t\t\t\t\t\t\t\t\t\t<\/div>\n\t\t\t\t\t\t\t<\/div>\n\t\t\t\t\t\t\t\t\t\t\t\t\t\t\t<div class=\"uael-timeline-date-new\">\n\t\t\t\t\t\t\t\t\t<div class=\"uael-date-new\"><div class=\"inner-date-new\"><div ><\/div><\/div>\n\t\t\t\t\t\t\t\t\t<\/div>\n\t\t\t\t\t\t\t\t<\/div>\n\t\t\t\t\t\t\t\t\t\t\t\t\t<\/div>\n\t\t\t\t\t<\/div>\n\t\t\t\t\t\t\t\t\t\t\t\t\t\t\t\t\t<div class=\"elementor-repeater-item-2c728d0 uael-timeline-field animate-border out-view\">\n\t\t\t\t\t\t<div class=\"uael-timeline-widget uael-timeline-left\">\n\t\t\t\t\t\t\t<div class=\"uael-timeline-marker\">\n\t\t\t\t\t\t\t\t<span class=\"timeline-icon-new out-view-timeline-icon\">\n\t\t\t\t\t\t\t\t\t<svg aria-hidden=\"true\" class=\"e-font-icon-svg e-fas-calendar\" viewBox=\"0 0 448 512\" xmlns=\"http:\/\/www.w3.org\/2000\/svg\"><path d=\"M12 192h424c6.6 0 12 5.4 12 12v260c0 26.5-21.5 48-48 48H48c-26.5 0-48-21.5-48-48V204c0-6.6 5.4-12 12-12zm436-44v-36c0-26.5-21.5-48-48-48h-48V12c0-6.6-5.4-12-12-12h-40c-6.6 0-12 5.4-12 12v52H160V12c0-6.6-5.4-12-12-12h-40c-6.6 0-12 5.4-12 12v52H48C21.5 64 0 85.5 0 112v36c0 6.6 5.4 12 12 12h424c6.6 0 12-5.4 12-12z\"><\/path><\/svg>\t\t\t\t\t\t\t\t<\/span>\n\t\t\t\t\t\t\t<\/div>\n\n\t\t\t\t\t\t\t<div class=\"uael-day-new uael-day-left\">\n\t\t\t\t\t\t\t\t<div class=\"uael-events-new\">\n\t\t\t\t\t\t\t\t\t\t\t\t\t\t\t\t\t\t<div class=\"uael-events-inner-new\">\n\t\t\t\t\t\t\t\t\t\t\t\t\t\t\t\t\t\t\t\t<div class=\"uael-content\">\n\t\t\t\t\t\t\t\t\t\t\t\t\t\t\t\t\t\t\t\t\t\t\t\t\t\t\t\t\t\t\t\t\t<div class=\"uael-timeline-heading-text\">\n\t\t\t\t\t\t\t\t\t\t\t\t<h3 class=\"uael-timeline-heading\">2013<\/h3>\n\t\t\t\t\t\t\t\t\t\t\t<\/div>\n\t\t\t\t\t\t\t\t\t\t\t\t\t\t\t\t\t\t\t\t\t\t\t\t\t\t\t\t\t\t\t\t\t\t\t\t\t\t\t\t\t\t\t\t\t\t\t\t\t\t\t\t\t\t\t\t<div class=\"uael-timeline-desc-content\"> <h5>Revival der Handwebteppiche<\/h5><p><img class=\"alignnone size-medium wp-image-38566\" src=\"https:\/\/www.lehner-wool.com\/wp-content\/uploads\/2024\/05\/LW-06-felice-designteppiche-300x199.jpg\" alt=\"Felice Teppich Modulsystem\" width=\"300\" height=\"199\" srcset=\"https:\/\/www.lehner-wool.com\/wp-content\/uploads\/2024\/05\/LW-06-felice-designteppiche-300x199.jpg 300w, https:\/\/www.lehner-wool.com\/wp-content\/uploads\/2024\/05\/LW-06-felice-designteppiche-18x12.jpg 18w, https:\/\/www.lehner-wool.com\/wp-content\/uploads\/2024\/05\/LW-06-felice-designteppiche.jpg 400w\" sizes=\"(max-width: 300px) 100vw, 300px\" \/><\/p><p>Den alten Webst\u00fchlen wird wieder Leben eingehaucht. Mit dem neuartigen Teppichsystem FELICE wird ein weiteres, innovatives Lehner Produktsortiment erschaffen.<\/p><\/div>\n\t\t\t\t\t\t\t\t\t\t\t\t\t\t\t\t\t\t\t\t\t\t\t\t\t\t\t\t\t\t\t\t<\/div>\n\t\t\t\t\t\t\t\t\t\t\t\t\t\t\t\t\t\t\t\t\t\t\t<div class=\"uael-timeline-arrow\"><\/div>\n\t\t\t\t\t\t\t\t\t\t\t\t\t\t\t\t\t\t\t\t<\/div>\n\t\t\t\t\t\t\t\t\t\t\t\t\t\t\t\t\t<\/div>\n\t\t\t\t\t\t\t<\/div>\n\t\t\t\t\t\t\t\t\t\t\t\t\t\t\t<div class=\"uael-timeline-date-new\">\n\t\t\t\t\t\t\t\t\t<div class=\"uael-date-new\"><div class=\"inner-date-new\"><div ><\/div><\/div>\n\t\t\t\t\t\t\t\t\t<\/div>\n\t\t\t\t\t\t\t\t<\/div>\n\t\t\t\t\t\t\t\t\t\t\t\t\t<\/div>\n\t\t\t\t\t<\/div>\n\t\t\t\t\t\t\t\t\t\t\t\t\t\t\t\t\t<div class=\"elementor-repeater-item-db9958f uael-timeline-field animate-border out-view\">\n\t\t\t\t\t\t<div class=\"uael-timeline-widget uael-timeline-right\">\n\t\t\t\t\t\t\t<div class=\"uael-timeline-marker\">\n\t\t\t\t\t\t\t\t<span class=\"timeline-icon-new out-view-timeline-icon\">\n\t\t\t\t\t\t\t\t\t<svg aria-hidden=\"true\" class=\"e-font-icon-svg e-fas-calendar\" viewBox=\"0 0 448 512\" xmlns=\"http:\/\/www.w3.org\/2000\/svg\"><path d=\"M12 192h424c6.6 0 12 5.4 12 12v260c0 26.5-21.5 48-48 48H48c-26.5 0-48-21.5-48-48V204c0-6.6 5.4-12 12-12zm436-44v-36c0-26.5-21.5-48-48-48h-48V12c0-6.6-5.4-12-12-12h-40c-6.6 0-12 5.4-12 12v52H160V12c0-6.6-5.4-12-12-12h-40c-6.6 0-12 5.4-12 12v52H48C21.5 64 0 85.5 0 112v36c0 6.6 5.4 12 12 12h424c6.6 0 12-5.4 12-12z\"><\/path><\/svg>\t\t\t\t\t\t\t\t<\/span>\n\t\t\t\t\t\t\t<\/div>\n\n\t\t\t\t\t\t\t<div class=\"uael-day-new uael-day-right\">\n\t\t\t\t\t\t\t\t<div class=\"uael-events-new\">\n\t\t\t\t\t\t\t\t\t\t\t\t\t\t\t\t\t\t<div class=\"uael-events-inner-new\">\n\t\t\t\t\t\t\t\t\t\t\t\t\t\t\t\t\t\t\t\t<div class=\"uael-content\">\n\t\t\t\t\t\t\t\t\t\t\t\t\t\t\t\t\t\t\t\t\t\t\t\t\t\t\t\t\t\t\t\t\t<div class=\"uael-timeline-heading-text\">\n\t\t\t\t\t\t\t\t\t\t\t\t<h3 class=\"uael-timeline-heading\">2010<\/h3>\n\t\t\t\t\t\t\t\t\t\t\t<\/div>\n\t\t\t\t\t\t\t\t\t\t\t\t\t\t\t\t\t\t\t\t\t\t\t\t\t\t\t\t\t\t\t\t\t\t\t\t\t\t\t\t\t\t\t\t\t\t\t\t\t\t\t\t\t\t\t\t<div class=\"uael-timeline-desc-content\"> <h5>Markengr\u00fcndung Silentum<\/h5><p><img class=\"alignnone size-medium wp-image-38527\" src=\"https:\/\/www.lehner-wool.com\/wp-content\/uploads\/2024\/05\/LW-05-silentum-akustikprodukte-300x199.jpg\" alt=\"Silentum Akustikfilze\" width=\"300\" height=\"199\" srcset=\"https:\/\/www.lehner-wool.com\/wp-content\/uploads\/2024\/05\/LW-05-silentum-akustikprodukte-300x199.jpg 300w, https:\/\/www.lehner-wool.com\/wp-content\/uploads\/2024\/05\/LW-05-silentum-akustikprodukte-18x12.jpg 18w, https:\/\/www.lehner-wool.com\/wp-content\/uploads\/2024\/05\/LW-05-silentum-akustikprodukte.jpg 400w\" sizes=\"(max-width: 300px) 100vw, 300px\" \/><\/p><p>Silentum wird als Marke ins Leben gerufen. Die nachhaltigen Akustikfilze lassen aufhorchen wenn es um Raumakustik geht und sind eine hoch attraktive L\u00f6sung f\u00fcrs Interior Design.<\/p><\/div>\n\t\t\t\t\t\t\t\t\t\t\t\t\t\t\t\t\t\t\t\t\t\t\t\t\t\t\t\t\t\t\t\t<\/div>\n\t\t\t\t\t\t\t\t\t\t\t\t\t\t\t\t\t\t\t\t\t\t\t<div class=\"uael-timeline-arrow\"><\/div>\n\t\t\t\t\t\t\t\t\t\t\t\t\t\t\t\t\t\t\t\t<\/div>\n\t\t\t\t\t\t\t\t\t\t\t\t\t\t\t\t\t<\/div>\n\t\t\t\t\t\t\t<\/div>\n\t\t\t\t\t\t\t\t\t\t\t\t\t\t\t<div class=\"uael-timeline-date-new\">\n\t\t\t\t\t\t\t\t\t<div class=\"uael-date-new\"><div class=\"inner-date-new\"><div ><\/div><\/div>\n\t\t\t\t\t\t\t\t\t<\/div>\n\t\t\t\t\t\t\t\t<\/div>\n\t\t\t\t\t\t\t\t\t\t\t\t\t<\/div>\n\t\t\t\t\t<\/div>\n\t\t\t\t\t\t\t\t\t\t\t\t\t\t\t\t\t<div class=\"elementor-repeater-item-94bd77b uael-timeline-field animate-border out-view\">\n\t\t\t\t\t\t<div class=\"uael-timeline-widget uael-timeline-left\">\n\t\t\t\t\t\t\t<div class=\"uael-timeline-marker\">\n\t\t\t\t\t\t\t\t<span class=\"timeline-icon-new out-view-timeline-icon\">\n\t\t\t\t\t\t\t\t\t<svg aria-hidden=\"true\" class=\"e-font-icon-svg e-fas-calendar\" viewBox=\"0 0 448 512\" xmlns=\"http:\/\/www.w3.org\/2000\/svg\"><path d=\"M12 192h424c6.6 0 12 5.4 12 12v260c0 26.5-21.5 48-48 48H48c-26.5 0-48-21.5-48-48V204c0-6.6 5.4-12 12-12zm436-44v-36c0-26.5-21.5-48-48-48h-48V12c0-6.6-5.4-12-12-12h-40c-6.6 0-12 5.4-12 12v52H160V12c0-6.6-5.4-12-12-12h-40c-6.6 0-12 5.4-12 12v52H48C21.5 64 0 85.5 0 112v36c0 6.6 5.4 12 12 12h424c6.6 0 12-5.4 12-12z\"><\/path><\/svg>\t\t\t\t\t\t\t\t<\/span>\n\t\t\t\t\t\t\t<\/div>\n\n\t\t\t\t\t\t\t<div class=\"uael-day-new uael-day-left\">\n\t\t\t\t\t\t\t\t<div class=\"uael-events-new\">\n\t\t\t\t\t\t\t\t\t\t\t\t\t\t\t\t\t\t<div class=\"uael-events-inner-new\">\n\t\t\t\t\t\t\t\t\t\t\t\t\t\t\t\t\t\t\t\t<div class=\"uael-content\">\n\t\t\t\t\t\t\t\t\t\t\t\t\t\t\t\t\t\t\t\t\t\t\t\t\t\t\t\t\t\t\t\t\t<div class=\"uael-timeline-heading-text\">\n\t\t\t\t\t\t\t\t\t\t\t\t<h3 class=\"uael-timeline-heading\">1996<\/h3>\n\t\t\t\t\t\t\t\t\t\t\t<\/div>\n\t\t\t\t\t\t\t\t\t\t\t\t\t\t\t\t\t\t\t\t\t\t\t\t\t\t\t\t\t\t\t\t\t\t\t\t\t\t\t\t\t\t\t\t\t\t\t\t\t\t\t\t\t\t\t\t<div class=\"uael-timeline-desc-content\"> <h5>Geburtsstunde der STYLIT-Produkte<\/h5><p><img class=\"alignnone size-medium wp-image-38526\" src=\"https:\/\/www.lehner-wool.com\/wp-content\/uploads\/2024\/05\/LW-04-stylit-floristikprodukte-300x199.jpg\" alt=\"Markengr\u00fcndung STYLIT\" width=\"300\" height=\"199\" srcset=\"https:\/\/www.lehner-wool.com\/wp-content\/uploads\/2024\/05\/LW-04-stylit-floristikprodukte-300x199.jpg 300w, https:\/\/www.lehner-wool.com\/wp-content\/uploads\/2024\/05\/LW-04-stylit-floristikprodukte-18x12.jpg 18w, https:\/\/www.lehner-wool.com\/wp-content\/uploads\/2024\/05\/LW-04-stylit-floristikprodukte.jpg 400w\" sizes=\"(max-width: 300px) 100vw, 300px\" \/><\/p><p>Wir nehmen teil an der Trendset Messe in M\u00fcnchen. Mit im Gep\u00e4ck: Der Messestand von ISOLENA, der Esszimmertisch von zu Hause, eine Portion jugendlicher Leichtsinn und eine Floristin die mit Webwolle dekoriert. So wird die STYLIT Produktlinie \u2013 damals noch unter dem Namen Blumenwolle\/Lehnerfloral \u2013 geboren.\u00a0<\/p><\/div>\n\t\t\t\t\t\t\t\t\t\t\t\t\t\t\t\t\t\t\t\t\t\t\t\t\t\t\t\t\t\t\t\t<\/div>\n\t\t\t\t\t\t\t\t\t\t\t\t\t\t\t\t\t\t\t\t\t\t\t<div class=\"uael-timeline-arrow\"><\/div>\n\t\t\t\t\t\t\t\t\t\t\t\t\t\t\t\t\t\t\t\t<\/div>\n\t\t\t\t\t\t\t\t\t\t\t\t\t\t\t\t\t<\/div>\n\t\t\t\t\t\t\t<\/div>\n\t\t\t\t\t\t\t\t\t\t\t\t\t\t\t<div class=\"uael-timeline-date-new\">\n\t\t\t\t\t\t\t\t\t<div class=\"uael-date-new\"><div class=\"inner-date-new\"><div ><\/div><\/div>\n\t\t\t\t\t\t\t\t\t<\/div>\n\t\t\t\t\t\t\t\t<\/div>\n\t\t\t\t\t\t\t\t\t\t\t\t\t<\/div>\n\t\t\t\t\t<\/div>\n\t\t\t\t\t\t\t\t\t\t\t\t\t\t\t\t\t<div class=\"elementor-repeater-item-e26ecb5 uael-timeline-field animate-border out-view\">\n\t\t\t\t\t\t<div class=\"uael-timeline-widget uael-timeline-right\">\n\t\t\t\t\t\t\t<div class=\"uael-timeline-marker\">\n\t\t\t\t\t\t\t\t<span class=\"timeline-icon-new out-view-timeline-icon\">\n\t\t\t\t\t\t\t\t\t<svg aria-hidden=\"true\" class=\"e-font-icon-svg e-fas-calendar\" viewBox=\"0 0 448 512\" xmlns=\"http:\/\/www.w3.org\/2000\/svg\"><path d=\"M12 192h424c6.6 0 12 5.4 12 12v260c0 26.5-21.5 48-48 48H48c-26.5 0-48-21.5-48-48V204c0-6.6 5.4-12 12-12zm436-44v-36c0-26.5-21.5-48-48-48h-48V12c0-6.6-5.4-12-12-12h-40c-6.6 0-12 5.4-12 12v52H160V12c0-6.6-5.4-12-12-12h-40c-6.6 0-12 5.4-12 12v52H48C21.5 64 0 85.5 0 112v36c0 6.6 5.4 12 12 12h424c6.6 0 12-5.4 12-12z\"><\/path><\/svg>\t\t\t\t\t\t\t\t<\/span>\n\t\t\t\t\t\t\t<\/div>\n\n\t\t\t\t\t\t\t<div class=\"uael-day-new uael-day-right\">\n\t\t\t\t\t\t\t\t<div class=\"uael-events-new\">\n\t\t\t\t\t\t\t\t\t\t\t\t\t\t\t\t\t\t<div class=\"uael-events-inner-new\">\n\t\t\t\t\t\t\t\t\t\t\t\t\t\t\t\t\t\t\t\t<div class=\"uael-content\">\n\t\t\t\t\t\t\t\t\t\t\t\t\t\t\t\t\t\t\t\t\t\t\t\t\t\t\t\t\t\t\t\t\t<div class=\"uael-timeline-heading-text\">\n\t\t\t\t\t\t\t\t\t\t\t\t<h3 class=\"uael-timeline-heading\">1996<\/h3>\n\t\t\t\t\t\t\t\t\t\t\t<\/div>\n\t\t\t\t\t\t\t\t\t\t\t\t\t\t\t\t\t\t\t\t\t\t\t\t\t\t\t\t\t\t\t\t\t\t\t\t\t\t\t\t\t\t\t\t\t\t\t\t\t\t\t\t\t\t\t\t<div class=\"uael-timeline-desc-content\"> <h5>Markengr\u00fcndung: ISOLENA<\/h5><p><img class=\"alignnone size-medium wp-image-38525\" src=\"https:\/\/www.lehner-wool.com\/wp-content\/uploads\/2024\/05\/LW-03-isolena-daemmstoffe-300x199.jpg\" alt=\"Markengr\u00fcndung ISOLENA\" width=\"300\" height=\"199\" srcset=\"https:\/\/www.lehner-wool.com\/wp-content\/uploads\/2024\/05\/LW-03-isolena-daemmstoffe-300x199.jpg 300w, https:\/\/www.lehner-wool.com\/wp-content\/uploads\/2024\/05\/LW-03-isolena-daemmstoffe-18x12.jpg 18w, https:\/\/www.lehner-wool.com\/wp-content\/uploads\/2024\/05\/LW-03-isolena-daemmstoffe.jpg 400w\" sizes=\"(max-width: 300px) 100vw, 300px\" \/><\/p><p>Mit der Marke ISOLENA wird Schafwolle als nachhaltiges D\u00e4mmmaterial in den Markt eingef\u00fchrt. Alle Maschinen wurden per Hand von Ing. Alexander Lehner entwickelt &amp; gebaut.<\/p><\/div>\n\t\t\t\t\t\t\t\t\t\t\t\t\t\t\t\t\t\t\t\t\t\t\t\t\t\t\t\t\t\t\t\t<\/div>\n\t\t\t\t\t\t\t\t\t\t\t\t\t\t\t\t\t\t\t\t\t\t\t<div class=\"uael-timeline-arrow\"><\/div>\n\t\t\t\t\t\t\t\t\t\t\t\t\t\t\t\t\t\t\t\t<\/div>\n\t\t\t\t\t\t\t\t\t\t\t\t\t\t\t\t\t<\/div>\n\t\t\t\t\t\t\t<\/div>\n\t\t\t\t\t\t\t\t\t\t\t\t\t\t\t<div class=\"uael-timeline-date-new\">\n\t\t\t\t\t\t\t\t\t<div class=\"uael-date-new\"><div class=\"inner-date-new\"><div ><\/div><\/div>\n\t\t\t\t\t\t\t\t\t<\/div>\n\t\t\t\t\t\t\t\t<\/div>\n\t\t\t\t\t\t\t\t\t\t\t\t\t<\/div>\n\t\t\t\t\t<\/div>\n\t\t\t\t\t\t\t\t\t\t\t\t\t\t\t\t\t<div class=\"elementor-repeater-item-08fda19 uael-timeline-field animate-border out-view\">\n\t\t\t\t\t\t<div class=\"uael-timeline-widget uael-timeline-left\">\n\t\t\t\t\t\t\t<div class=\"uael-timeline-marker\">\n\t\t\t\t\t\t\t\t<span class=\"timeline-icon-new out-view-timeline-icon\">\n\t\t\t\t\t\t\t\t\t<svg aria-hidden=\"true\" class=\"e-font-icon-svg e-fas-calendar\" viewBox=\"0 0 448 512\" xmlns=\"http:\/\/www.w3.org\/2000\/svg\"><path d=\"M12 192h424c6.6 0 12 5.4 12 12v260c0 26.5-21.5 48-48 48H48c-26.5 0-48-21.5-48-48V204c0-6.6 5.4-12 12-12zm436-44v-36c0-26.5-21.5-48-48-48h-48V12c0-6.6-5.4-12-12-12h-40c-6.6 0-12 5.4-12 12v52H160V12c0-6.6-5.4-12-12-12h-40c-6.6 0-12 5.4-12 12v52H48C21.5 64 0 85.5 0 112v36c0 6.6 5.4 12 12 12h424c6.6 0 12-5.4 12-12z\"><\/path><\/svg>\t\t\t\t\t\t\t\t<\/span>\n\t\t\t\t\t\t\t<\/div>\n\n\t\t\t\t\t\t\t<div class=\"uael-day-new uael-day-left\">\n\t\t\t\t\t\t\t\t<div class=\"uael-events-new\">\n\t\t\t\t\t\t\t\t\t\t\t\t\t\t\t\t\t\t<div class=\"uael-events-inner-new\">\n\t\t\t\t\t\t\t\t\t\t\t\t\t\t\t\t\t\t\t\t<div class=\"uael-content\">\n\t\t\t\t\t\t\t\t\t\t\t\t\t\t\t\t\t\t\t\t\t\t\t\t\t\t\t\t\t\t\t\t\t<div class=\"uael-timeline-heading-text\">\n\t\t\t\t\t\t\t\t\t\t\t\t<h3 class=\"uael-timeline-heading\">1992<\/h3>\n\t\t\t\t\t\t\t\t\t\t\t<\/div>\n\t\t\t\t\t\t\t\t\t\t\t\t\t\t\t\t\t\t\t\t\t\t\t\t\t\t\t\t\t\t\t\t\t\t\t\t\t\t\t\t\t\t\t\t\t\t\t\t\t\t\t\t\t\t\t\t<div class=\"uael-timeline-desc-content\"> <h5>Lehner geht in die zweite Generation<\/h5><p><img class=\"alignnone size-medium wp-image-38524\" src=\"https:\/\/www.lehner-wool.com\/wp-content\/uploads\/2024\/05\/LW-02-zweite-generation-300x199.jpg\" alt=\"Lehner Wool - Zweite Generation\" width=\"300\" height=\"199\" srcset=\"https:\/\/www.lehner-wool.com\/wp-content\/uploads\/2024\/05\/LW-02-zweite-generation-300x199.jpg 300w, https:\/\/www.lehner-wool.com\/wp-content\/uploads\/2024\/05\/LW-02-zweite-generation-18x12.jpg 18w, https:\/\/www.lehner-wool.com\/wp-content\/uploads\/2024\/05\/LW-02-zweite-generation.jpg 400w\" sizes=\"(max-width: 300px) 100vw, 300px\" \/><\/p><p>Kurt und Hertas Sohn Alexander Lehner \u00fcbernimmt zusammen mit seiner Ehefrau Felicitas den Betrieb. Die beiden entwickeln nach und nach neue Anwendungsfelder f\u00fcr den Rohstoff Schafwolle.<\/p><\/div>\n\t\t\t\t\t\t\t\t\t\t\t\t\t\t\t\t\t\t\t\t\t\t\t\t\t\t\t\t\t\t\t\t<\/div>\n\t\t\t\t\t\t\t\t\t\t\t\t\t\t\t\t\t\t\t\t\t\t\t<div class=\"uael-timeline-arrow\"><\/div>\n\t\t\t\t\t\t\t\t\t\t\t\t\t\t\t\t\t\t\t\t<\/div>\n\t\t\t\t\t\t\t\t\t\t\t\t\t\t\t\t\t<\/div>\n\t\t\t\t\t\t\t<\/div>\n\t\t\t\t\t\t\t\t\t\t\t\t\t\t\t<div class=\"uael-timeline-date-new\">\n\t\t\t\t\t\t\t\t\t<div class=\"uael-date-new\"><div class=\"inner-date-new\"><div ><\/div><\/div>\n\t\t\t\t\t\t\t\t\t<\/div>\n\t\t\t\t\t\t\t\t<\/div>\n\t\t\t\t\t\t\t\t\t\t\t\t\t<\/div>\n\t\t\t\t\t<\/div>\n\t\t\t\t\t\t\t\t\t\t\t\t\t\t\t\t\t<div class=\"elementor-repeater-item-c002e55 uael-timeline-field animate-border out-view\">\n\t\t\t\t\t\t<div class=\"uael-timeline-widget uael-timeline-right\">\n\t\t\t\t\t\t\t<div class=\"uael-timeline-marker\">\n\t\t\t\t\t\t\t\t<span class=\"timeline-icon-new out-view-timeline-icon\">\n\t\t\t\t\t\t\t\t\t<svg aria-hidden=\"true\" class=\"e-font-icon-svg e-fas-calendar\" viewBox=\"0 0 448 512\" xmlns=\"http:\/\/www.w3.org\/2000\/svg\"><path d=\"M12 192h424c6.6 0 12 5.4 12 12v260c0 26.5-21.5 48-48 48H48c-26.5 0-48-21.5-48-48V204c0-6.6 5.4-12 12-12zm436-44v-36c0-26.5-21.5-48-48-48h-48V12c0-6.6-5.4-12-12-12h-40c-6.6 0-12 5.4-12 12v52H160V12c0-6.6-5.4-12-12-12h-40c-6.6 0-12 5.4-12 12v52H48C21.5 64 0 85.5 0 112v36c0 6.6 5.4 12 12 12h424c6.6 0 12-5.4 12-12z\"><\/path><\/svg>\t\t\t\t\t\t\t\t<\/span>\n\t\t\t\t\t\t\t<\/div>\n\n\t\t\t\t\t\t\t<div class=\"uael-day-new uael-day-right\">\n\t\t\t\t\t\t\t\t<div class=\"uael-events-new\">\n\t\t\t\t\t\t\t\t\t\t\t\t\t\t\t\t\t\t<div class=\"uael-events-inner-new\">\n\t\t\t\t\t\t\t\t\t\t\t\t\t\t\t\t\t\t\t\t<div class=\"uael-content\">\n\t\t\t\t\t\t\t\t\t\t\t\t\t\t\t\t\t\t\t\t\t\t\t\t\t\t\t\t\t\t\t\t\t<div class=\"uael-timeline-heading-text\">\n\t\t\t\t\t\t\t\t\t\t\t\t<h3 class=\"uael-timeline-heading\">1969<\/h3>\n\t\t\t\t\t\t\t\t\t\t\t<\/div>\n\t\t\t\t\t\t\t\t\t\t\t\t\t\t\t\t\t\t\t\t\t\t\t\t\t\t\t\t\t\t\t\t\t\t\t\t\t\t\t\t\t\t\t\t\t\t\t\t\t\t\t\t\t\t\t\t<div class=\"uael-timeline-desc-content\"> <h5>Gr\u00fcndung der Teppichweberei<\/h5><p><img class=\"alignnone size-medium wp-image-38523\" src=\"https:\/\/www.lehner-wool.com\/wp-content\/uploads\/2024\/05\/LW-01-gruendung-teppichweberei-300x199.jpg\" alt=\"Spatenstich Teppichweberei Lehner\" width=\"300\" height=\"199\" srcset=\"https:\/\/www.lehner-wool.com\/wp-content\/uploads\/2024\/05\/LW-01-gruendung-teppichweberei-300x199.jpg 300w, https:\/\/www.lehner-wool.com\/wp-content\/uploads\/2024\/05\/LW-01-gruendung-teppichweberei-18x12.jpg 18w, https:\/\/www.lehner-wool.com\/wp-content\/uploads\/2024\/05\/LW-01-gruendung-teppichweberei.jpg 400w\" sizes=\"(max-width: 300px) 100vw, 300px\" \/><\/p><p>Kurt und Herta Lehner gr\u00fcnden die Teppichweberei \u201aLehner Wolle\u2018. Unsere Innovationsfreude hat Tradition: Bereits in den 1970er Jahren investierte das Unternehmen in die Entwicklung neuer Garne und Webtechniken.<\/p><\/div>\n\t\t\t\t\t\t\t\t\t\t\t\t\t\t\t\t\t\t\t\t\t\t\t\t\t\t\t\t\t\t\t\t<\/div>\n\t\t\t\t\t\t\t\t\t\t\t\t\t\t\t\t\t\t\t\t\t\t\t<div class=\"uael-timeline-arrow\"><\/div>\n\t\t\t\t\t\t\t\t\t\t\t\t\t\t\t\t\t\t\t\t<\/div>\n\t\t\t\t\t\t\t\t\t\t\t\t\t\t\t\t\t<\/div>\n\t\t\t\t\t\t\t<\/div>\n\t\t\t\t\t\t\t\t\t\t\t\t\t\t\t<div class=\"uael-timeline-date-new\">\n\t\t\t\t\t\t\t\t\t<div class=\"uael-date-new\"><div class=\"inner-date-new\"><div ><\/div><\/div>\n\t\t\t\t\t\t\t\t\t<\/div>\n\t\t\t\t\t\t\t\t<\/div>\n\t\t\t\t\t\t\t\t\t\t\t\t\t<\/div>\n\t\t\t\t\t<\/div>\n\t\t\t\t\t\t\t\t\t\t<\/div>\n\t\t<div class=\"uael-timeline__line\">\n\t\t\t<div class=\"uael-timeline__line__inner\"><\/div>\n\t\t<\/div>\n\t<\/div>\n<\/div>\n\n\t\t\t\t<\/div>\n\t\t\t\t<\/div>\n\t\t\t\t\t<\/div>\n\t\t\t\t<\/div>\n\t\t\t\t<\/div>\n\t\t","protected":false},"excerpt":{"rendered":"<p>Home Back in Time: Meilensteine der letzten 50 Jahre Historie &amp; Meilensteine Willkommen bei der Geschichte von Lehner Wool. Seit&#8230;<\/p>\n","protected":false},"author":1,"featured_media":0,"parent":34683,"menu_order":2,"comment_status":"closed","ping_status":"closed","template":"elementor_header_footer","meta":{"footnotes":""},"class_list":["post-35227","page","type-page","status-publish"],"yoast_head":"<!-- This site is optimized with the Yoast SEO plugin v27.5 - https:\/\/yoast.com\/product\/yoast-seo-wordpress\/ -->\n<title>Historie &amp; Meilensteine | Lehner Wool<\/title>\n<meta name=\"description\" content=\"Gegr\u00fcndet 1969 hat sich Lehner Wool von einer kleinen Weberei zu einem Innovationsf\u00fchrer f\u00fcr nachhaltige Schafwollprodukte entwickelt.\" \/>\n<meta name=\"robots\" content=\"index, follow, max-snippet:-1, max-image-preview:large, max-video-preview:-1\" \/>\n<link rel=\"canonical\" href=\"https:\/\/www.lehner-wool.com\/de\/about\/historie-meilensteine\/\" \/>\n<meta property=\"og:locale\" content=\"de_DE\" \/>\n<meta property=\"og:type\" content=\"article\" \/>\n<meta property=\"og:title\" content=\"Historie &amp; Meilensteine | Lehner Wool\" \/>\n<meta property=\"og:description\" content=\"Gegr\u00fcndet 1969 hat sich Lehner Wool von einer kleinen Weberei zu einem Innovationsf\u00fchrer f\u00fcr nachhaltige Schafwollprodukte entwickelt.\" \/>\n<meta property=\"og:url\" content=\"https:\/\/www.lehner-wool.com\/de\/about\/historie-meilensteine\/\" \/>\n<meta property=\"og:site_name\" content=\"www.lehner-wool.com\" \/>\n<meta property=\"article:publisher\" content=\"https:\/\/www.facebook.com\/lehnerwool\/\" \/>\n<meta property=\"article:modified_time\" content=\"2024-11-26T21:56:00+00:00\" \/>\n<meta property=\"og:image\" content=\"https:\/\/www.lehner-wool.com\/wp-content\/uploads\/2024\/05\/LW-11-lebensmittelverpackung-300x199.jpg\" \/>\n<meta name=\"twitter:card\" content=\"summary_large_image\" \/>\n<meta name=\"twitter:label1\" content=\"Gesch\u00e4tzte Lesezeit\" \/>\n\t<meta name=\"twitter:data1\" content=\"6\u00a0Minuten\" \/>\n<script type=\"application\/ld+json\" class=\"yoast-schema-graph\">{\"@context\":\"https:\\\/\\\/schema.org\",\"@graph\":[{\"@type\":\"WebPage\",\"@id\":\"https:\\\/\\\/www.lehner-wool.com\\\/de\\\/about\\\/historie-meilensteine\\\/\",\"url\":\"https:\\\/\\\/www.lehner-wool.com\\\/de\\\/about\\\/historie-meilensteine\\\/\",\"name\":\"Historie & Meilensteine | Lehner Wool\",\"isPartOf\":{\"@id\":\"https:\\\/\\\/www.lehner-wool.com\\\/#website\"},\"primaryImageOfPage\":{\"@id\":\"https:\\\/\\\/www.lehner-wool.com\\\/de\\\/about\\\/historie-meilensteine\\\/#primaryimage\"},\"image\":{\"@id\":\"https:\\\/\\\/www.lehner-wool.com\\\/de\\\/about\\\/historie-meilensteine\\\/#primaryimage\"},\"thumbnailUrl\":\"https:\\\/\\\/www.lehner-wool.com\\\/wp-content\\\/uploads\\\/2024\\\/05\\\/LW-11-lebensmittelverpackung-300x199.jpg\",\"datePublished\":\"2024-04-02T18:36:04+00:00\",\"dateModified\":\"2024-11-26T21:56:00+00:00\",\"description\":\"Gegr\u00fcndet 1969 hat sich Lehner Wool von einer kleinen Weberei zu einem Innovationsf\u00fchrer f\u00fcr nachhaltige Schafwollprodukte entwickelt.\",\"breadcrumb\":{\"@id\":\"https:\\\/\\\/www.lehner-wool.com\\\/de\\\/about\\\/historie-meilensteine\\\/#breadcrumb\"},\"inLanguage\":\"de\",\"potentialAction\":[{\"@type\":\"ReadAction\",\"target\":[\"https:\\\/\\\/www.lehner-wool.com\\\/de\\\/about\\\/historie-meilensteine\\\/\"]}]},{\"@type\":\"ImageObject\",\"inLanguage\":\"de\",\"@id\":\"https:\\\/\\\/www.lehner-wool.com\\\/de\\\/about\\\/historie-meilensteine\\\/#primaryimage\",\"url\":\"https:\\\/\\\/www.lehner-wool.com\\\/wp-content\\\/uploads\\\/2024\\\/05\\\/LW-11-lebensmittelverpackung-300x199.jpg\",\"contentUrl\":\"https:\\\/\\\/www.lehner-wool.com\\\/wp-content\\\/uploads\\\/2024\\\/05\\\/LW-11-lebensmittelverpackung-300x199.jpg\"},{\"@type\":\"BreadcrumbList\",\"@id\":\"https:\\\/\\\/www.lehner-wool.com\\\/de\\\/about\\\/historie-meilensteine\\\/#breadcrumb\",\"itemListElement\":[{\"@type\":\"ListItem\",\"position\":1,\"name\":\"Home\",\"item\":\"https:\\\/\\\/www.lehner-wool.com\\\/de\\\/\"},{\"@type\":\"ListItem\",\"position\":2,\"name\":\"About\",\"item\":\"https:\\\/\\\/www.lehner-wool.com\\\/about\\\/\"},{\"@type\":\"ListItem\",\"position\":3,\"name\":\"Historie &#038; Meilensteine\"}]},{\"@type\":\"WebSite\",\"@id\":\"https:\\\/\\\/www.lehner-wool.com\\\/#website\",\"url\":\"https:\\\/\\\/www.lehner-wool.com\\\/\",\"name\":\"Lehner \u2764 100% Wool - Ein H\u00e4ndchen f\u00fcr Schafwolle seit 1969\",\"description\":\"\",\"publisher\":{\"@id\":\"https:\\\/\\\/www.lehner-wool.com\\\/#organization\"},\"potentialAction\":[{\"@type\":\"SearchAction\",\"target\":{\"@type\":\"EntryPoint\",\"urlTemplate\":\"https:\\\/\\\/www.lehner-wool.com\\\/?s={search_term_string}\"},\"query-input\":{\"@type\":\"PropertyValueSpecification\",\"valueRequired\":true,\"valueName\":\"search_term_string\"}}],\"inLanguage\":\"de\"},{\"@type\":\"Organization\",\"@id\":\"https:\\\/\\\/www.lehner-wool.com\\\/#organization\",\"name\":\"ISOLENA Naturfaservliese GmbH\",\"url\":\"https:\\\/\\\/www.lehner-wool.com\\\/\",\"logo\":{\"@type\":\"ImageObject\",\"inLanguage\":\"de\",\"@id\":\"https:\\\/\\\/www.lehner-wool.com\\\/#\\\/schema\\\/logo\\\/image\\\/\",\"url\":\"https:\\\/\\\/www.lehner-wool.com\\\/wp-content\\\/uploads\\\/2024\\\/05\\\/logo.svg\",\"contentUrl\":\"https:\\\/\\\/www.lehner-wool.com\\\/wp-content\\\/uploads\\\/2024\\\/05\\\/logo.svg\",\"caption\":\"ISOLENA Naturfaservliese GmbH\"},\"image\":{\"@id\":\"https:\\\/\\\/www.lehner-wool.com\\\/#\\\/schema\\\/logo\\\/image\\\/\"},\"sameAs\":[\"https:\\\/\\\/www.facebook.com\\\/lehnerwool\\\/\",\"https:\\\/\\\/www.youtube.com\\\/user\\\/LehnerWolle3\",\"https:\\\/\\\/www.instagram.com\\\/lehnerwool\\\/\"]}]}<\/script>\n<!-- \/ Yoast SEO plugin. -->","yoast_head_json":{"title":"Historie & Meilensteine | Lehner Wool","description":"Gegr\u00fcndet 1969 hat sich Lehner Wool von einer kleinen Weberei zu einem Innovationsf\u00fchrer f\u00fcr nachhaltige Schafwollprodukte entwickelt.","robots":{"index":"index","follow":"follow","max-snippet":"max-snippet:-1","max-image-preview":"max-image-preview:large","max-video-preview":"max-video-preview:-1"},"canonical":"https:\/\/www.lehner-wool.com\/de\/about\/historie-meilensteine\/","og_locale":"de_DE","og_type":"article","og_title":"Historie & Meilensteine | Lehner Wool","og_description":"Gegr\u00fcndet 1969 hat sich Lehner Wool von einer kleinen Weberei zu einem Innovationsf\u00fchrer f\u00fcr nachhaltige Schafwollprodukte entwickelt.","og_url":"https:\/\/www.lehner-wool.com\/de\/about\/historie-meilensteine\/","og_site_name":"www.lehner-wool.com","article_publisher":"https:\/\/www.facebook.com\/lehnerwool\/","article_modified_time":"2024-11-26T21:56:00+00:00","og_image":[{"url":"https:\/\/www.lehner-wool.com\/wp-content\/uploads\/2024\/05\/LW-11-lebensmittelverpackung-300x199.jpg","type":"","width":"","height":""}],"twitter_card":"summary_large_image","twitter_misc":{"Gesch\u00e4tzte Lesezeit":"6\u00a0Minuten"},"schema":{"@context":"https:\/\/schema.org","@graph":[{"@type":"WebPage","@id":"https:\/\/www.lehner-wool.com\/de\/about\/historie-meilensteine\/","url":"https:\/\/www.lehner-wool.com\/de\/about\/historie-meilensteine\/","name":"Historie & Meilensteine | Lehner Wool","isPartOf":{"@id":"https:\/\/www.lehner-wool.com\/#website"},"primaryImageOfPage":{"@id":"https:\/\/www.lehner-wool.com\/de\/about\/historie-meilensteine\/#primaryimage"},"image":{"@id":"https:\/\/www.lehner-wool.com\/de\/about\/historie-meilensteine\/#primaryimage"},"thumbnailUrl":"https:\/\/www.lehner-wool.com\/wp-content\/uploads\/2024\/05\/LW-11-lebensmittelverpackung-300x199.jpg","datePublished":"2024-04-02T18:36:04+00:00","dateModified":"2024-11-26T21:56:00+00:00","description":"Gegr\u00fcndet 1969 hat sich Lehner Wool von einer kleinen Weberei zu einem Innovationsf\u00fchrer f\u00fcr nachhaltige Schafwollprodukte entwickelt.","breadcrumb":{"@id":"https:\/\/www.lehner-wool.com\/de\/about\/historie-meilensteine\/#breadcrumb"},"inLanguage":"de","potentialAction":[{"@type":"ReadAction","target":["https:\/\/www.lehner-wool.com\/de\/about\/historie-meilensteine\/"]}]},{"@type":"ImageObject","inLanguage":"de","@id":"https:\/\/www.lehner-wool.com\/de\/about\/historie-meilensteine\/#primaryimage","url":"https:\/\/www.lehner-wool.com\/wp-content\/uploads\/2024\/05\/LW-11-lebensmittelverpackung-300x199.jpg","contentUrl":"https:\/\/www.lehner-wool.com\/wp-content\/uploads\/2024\/05\/LW-11-lebensmittelverpackung-300x199.jpg"},{"@type":"BreadcrumbList","@id":"https:\/\/www.lehner-wool.com\/de\/about\/historie-meilensteine\/#breadcrumb","itemListElement":[{"@type":"ListItem","position":1,"name":"Home","item":"https:\/\/www.lehner-wool.com\/de\/"},{"@type":"ListItem","position":2,"name":"About","item":"https:\/\/www.lehner-wool.com\/about\/"},{"@type":"ListItem","position":3,"name":"Historie &#038; Meilensteine"}]},{"@type":"WebSite","@id":"https:\/\/www.lehner-wool.com\/#website","url":"https:\/\/www.lehner-wool.com\/","name":"Lehner \u2764 100% Wool - Ein H\u00e4ndchen f\u00fcr Schafwolle seit 1969","description":"","publisher":{"@id":"https:\/\/www.lehner-wool.com\/#organization"},"potentialAction":[{"@type":"SearchAction","target":{"@type":"EntryPoint","urlTemplate":"https:\/\/www.lehner-wool.com\/?s={search_term_string}"},"query-input":{"@type":"PropertyValueSpecification","valueRequired":true,"valueName":"search_term_string"}}],"inLanguage":"de"},{"@type":"Organization","@id":"https:\/\/www.lehner-wool.com\/#organization","name":"ISOLENA Naturfaservliese GmbH","url":"https:\/\/www.lehner-wool.com\/","logo":{"@type":"ImageObject","inLanguage":"de","@id":"https:\/\/www.lehner-wool.com\/#\/schema\/logo\/image\/","url":"https:\/\/www.lehner-wool.com\/wp-content\/uploads\/2024\/05\/logo.svg","contentUrl":"https:\/\/www.lehner-wool.com\/wp-content\/uploads\/2024\/05\/logo.svg","caption":"ISOLENA Naturfaservliese GmbH"},"image":{"@id":"https:\/\/www.lehner-wool.com\/#\/schema\/logo\/image\/"},"sameAs":["https:\/\/www.facebook.com\/lehnerwool\/","https:\/\/www.youtube.com\/user\/LehnerWolle3","https:\/\/www.instagram.com\/lehnerwool\/"]}]}},"_links":{"self":[{"href":"https:\/\/www.lehner-wool.com\/de\/wp-json\/wp\/v2\/pages\/35227","targetHints":{"allow":["GET"]}}],"collection":[{"href":"https:\/\/www.lehner-wool.com\/de\/wp-json\/wp\/v2\/pages"}],"about":[{"href":"https:\/\/www.lehner-wool.com\/de\/wp-json\/wp\/v2\/types\/page"}],"author":[{"embeddable":true,"href":"https:\/\/www.lehner-wool.com\/de\/wp-json\/wp\/v2\/users\/1"}],"replies":[{"embeddable":true,"href":"https:\/\/www.lehner-wool.com\/de\/wp-json\/wp\/v2\/comments?post=35227"}],"version-history":[{"count":169,"href":"https:\/\/www.lehner-wool.com\/de\/wp-json\/wp\/v2\/pages\/35227\/revisions"}],"predecessor-version":[{"id":42951,"href":"https:\/\/www.lehner-wool.com\/de\/wp-json\/wp\/v2\/pages\/35227\/revisions\/42951"}],"up":[{"embeddable":true,"href":"https:\/\/www.lehner-wool.com\/de\/wp-json\/wp\/v2\/pages\/34683"}],"wp:attachment":[{"href":"https:\/\/www.lehner-wool.com\/de\/wp-json\/wp\/v2\/media?parent=35227"}],"curies":[{"name":"wp","href":"https:\/\/api.w.org\/{rel}","templated":true}]}}